{"id":96,"date":"2020-06-23T01:29:04","date_gmt":"2020-06-23T01:29:04","guid":{"rendered":"http:\/\/www.ricardocmora.com\/funebres\/?page_id=96"},"modified":"2025-08-12T16:32:54","modified_gmt":"2025-08-12T19:32:54","slug":"empresa","status":"publish","type":"page","link":"http:\/\/www.ricardocmora.com\/funebres\/empresa\/","title":{"rendered":"Empresa"},"content":{"rendered":"[vc_row type=\u00bbfull_width_content\u00bb full_screen_row_position=\u00bbmiddle\u00bb equal_height=\u00bbyes\u00bb content_placement=\u00bbmiddle\u00bb bg_color=\u00bb#ffffff\u00bb scene_position=\u00bbcenter\u00bb text_color=\u00bbdark\u00bb text_align=\u00bbleft\u00bb overlay_strength=\u00bb0.3&#8243; shape_divider_position=\u00bbbottom\u00bb][vc_column column_padding=\u00bbpadding-10-percent\u00bb column_padding_position=\u00bball\u00bb background_color=\u00bb#f4f4f4&#8243; background_color_opacity=\u00bb1&#8243; background_hover_color_opacity=\u00bb1&#8243; column_link_target=\u00bb_self\u00bb column_shadow=\u00bbnone\u00bb column_border_radius=\u00bbnone\u00bb width=\u00bb1\/2&#8243; tablet_width_inherit=\u00bbdefault\u00bb tablet_text_alignment=\u00bbdefault\u00bb phone_text_alignment=\u00bbdefault\u00bb column_border_width=\u00bbnone\u00bb column_border_style=\u00bbsolid\u00bb][vc_row_inner column_margin=\u00bbdefault\u00bb text_align=\u00bbleft\u00bb][vc_column_inner enable_animation=\u00bbtrue\u00bb animation=\u00bbfade-in-from-bottom\u00bb column_padding=\u00bbno-extra-padding\u00bb column_padding_position=\u00bball\u00bb background_color_opacity=\u00bb1&#8243; background_hover_color_opacity=\u00bb1&#8243; column_shadow=\u00bbnone\u00bb column_border_radius=\u00bbnone\u00bb column_link_target=\u00bb_self\u00bb width=\u00bb1\/1&#8243; tablet_width_inherit=\u00bbdefault\u00bb column_border_width=\u00bbnone\u00bb column_border_style=\u00bbsolid\u00bb][vc_custom_heading text=\u00bbNUESTRA HISTORIA\u00bb font_container=\u00bbtag:h2|font_size:40|text_align:left|line_height:50px\u00bb use_theme_fonts=\u00bbyes\u00bb][vc_custom_heading text=\u00bbRicardo C. Mora Servicios Sociales fue fundada en diciembre de 1988 por el Sr. Ricardo C\u00e9sar Mora y su sra. Maria Ester Survano. Proveniente de una familia dedicada al rubro funerario, el Sr. Mora decidi\u00f3 dar un paso m\u00e1s all\u00e1 y emprender un camino independiente, con una visi\u00f3n innovadora y comprometida con brindar un servicio m\u00e1s integral y humano.<br \/>\nDesde sus inicios, nuestra empresa incorpor\u00f3 beneficios in\u00e9ditos para la \u00e9poca, como peluquer\u00eda, descuentos en farmacias y consultas m\u00e9dicas, generando un verdadero cambio en el sector y respondiendo a una necesidad real de la comunidad. En un contexto donde no exist\u00edan empresas privadas que ofrecieran servicios de salud complementarios, esta propuesta fue bien recibida y se convirti\u00f3 en el motor del crecimiento de la empresa.\u00bb font_container=\u00bbtag:p|text_align:left|color:rgba(10%2C10%2C10%2C0.6)\u00bb use_theme_fonts=\u00bbyes\u00bb][\/vc_column_inner][\/vc_row_inner][\/vc_column][vc_column column_padding=\u00bbno-extra-padding\u00bb column_padding_position=\u00bball\u00bb background_color_opacity=\u00bb1&#8243; background_hover_color_opacity=\u00bb1&#8243; background_image=\u00bb529&#8243; enable_bg_scale=\u00bbtrue\u00bb column_link_target=\u00bb_self\u00bb column_shadow=\u00bbnone\u00bb column_border_radius=\u00bbnone\u00bb width=\u00bb1\/2&#8243; tablet_width_inherit=\u00bbdefault\u00bb tablet_text_alignment=\u00bbdefault\u00bb phone_text_alignment=\u00bbdefault\u00bb column_border_width=\u00bbnone\u00bb column_border_style=\u00bbsolid\u00bb]<div class=\"img-with-aniamtion-wrap \" data-max-width=\"100%\" data-border-radius=\"none\"><div class=\"inner\"><img loading=\"lazy\" decoding=\"async\" data-shadow=\"none\" data-shadow-direction=\"middle\" class=\"img-with-animation skip-lazy \" data-delay=\"0\" height=\"100\" width=\"100\"  data-animation=\"fade-in\" src=\"\"  alt=\"\" \/><\/div><\/div>[\/vc_column][\/vc_row][vc_row type=\u00bbfull_width_content\u00bb full_screen_row_position=\u00bbmiddle\u00bb equal_height=\u00bbyes\u00bb content_placement=\u00bbmiddle\u00bb scene_position=\u00bbcenter\u00bb text_color=\u00bbdark\u00bb text_align=\u00bbleft\u00bb overlay_strength=\u00bb0.3&#8243; shape_divider_position=\u00bbbottom\u00bb][vc_column column_padding=\u00bbno-extra-padding\u00bb column_padding_position=\u00bball\u00bb background_color_opacity=\u00bb1&#8243; background_hover_color_opacity=\u00bb1&#8243; background_image=\u00bb526&#8243; enable_bg_scale=\u00bbtrue\u00bb column_link_target=\u00bb_self\u00bb column_shadow=\u00bbnone\u00bb column_border_radius=\u00bbnone\u00bb width=\u00bb1\/2&#8243; tablet_width_inherit=\u00bbdefault\u00bb tablet_text_alignment=\u00bbdefault\u00bb phone_text_alignment=\u00bbdefault\u00bb column_border_width=\u00bbnone\u00bb column_border_style=\u00bbsolid\u00bb]<div class=\"img-with-aniamtion-wrap \" data-max-width=\"100%\" data-border-radius=\"none\"><div class=\"inner\"><img loading=\"lazy\" decoding=\"async\" data-shadow=\"none\" data-shadow-direction=\"middle\" class=\"img-with-animation skip-lazy \" data-delay=\"0\" height=\"100\" width=\"100\"  data-animation=\"fade-in\" src=\"\"  alt=\"\" \/><\/div><\/div>[\/vc_column][vc_column column_padding=\u00bbpadding-10-percent\u00bb column_padding_position=\u00bball\u00bb background_color=\u00bb#ffffff\u00bb background_color_opacity=\u00bb1&#8243; background_hover_color_opacity=\u00bb1&#8243; column_link_target=\u00bb_self\u00bb column_shadow=\u00bbnone\u00bb column_border_radius=\u00bbnone\u00bb width=\u00bb1\/2&#8243; tablet_width_inherit=\u00bbdefault\u00bb tablet_text_alignment=\u00bbdefault\u00bb phone_text_alignment=\u00bbdefault\u00bb column_border_width=\u00bbnone\u00bb column_border_style=\u00bbsolid\u00bb][vc_row_inner column_margin=\u00bbdefault\u00bb text_align=\u00bbleft\u00bb][vc_column_inner enable_animation=\u00bbtrue\u00bb animation=\u00bbfade-in-from-bottom\u00bb column_padding=\u00bbno-extra-padding\u00bb column_padding_position=\u00bball\u00bb background_color_opacity=\u00bb1&#8243; background_hover_color_opacity=\u00bb1&#8243; column_shadow=\u00bbnone\u00bb column_border_radius=\u00bbnone\u00bb column_link_target=\u00bb_self\u00bb width=\u00bb1\/1&#8243; tablet_width_inherit=\u00bbdefault\u00bb column_border_width=\u00bbnone\u00bb column_border_style=\u00bbsolid\u00bb][vc_custom_heading text=\u00bbA la vanguardia junto a los afiliados\u00bb font_container=\u00bbtag:h5|text_align:left|color:%23bfbfbf\u00bb use_theme_fonts=\u00bbyes\u00bb css=\u00bb.vc_custom_1592876957195{margin-bottom: 10px !important;}\u00bb][vc_custom_heading text=\u00bbEXPANSI\u00d3N Y DESARROLLO\u00bb font_container=\u00bbtag:h2|font_size:20|text_align:left|line_height:50px\u00bb use_theme_fonts=\u00bbyes\u00bb][vc_custom_heading text=\u00bbGracias a la confianza de nuestros afiliados y al compromiso constante con la mejora, iniciamos un proceso de expansi\u00f3n hacia el interior de la provincia de Tucum\u00e1n. Con el objetivo de \u00abllevar los beneficios a todos los tucumanos, sin importar d\u00f3nde vivan\u00ab, inauguramos sucursales en Trancas, Bella Vista, Lules, Yerba Buena, Taf\u00ed del Valle, Taf\u00ed Viejo, Simoca, Los Ralos, Alberdi, Famaill\u00e1, Monteros y Concepci\u00f3n.<br \/>\nEste crecimiento institucional fue sostenido a lo largo de los a\u00f1os, incluso en tiempos dif\u00edciles como las hiperinflaciones que atraves\u00f3 nuestro pa\u00eds, como por ejemplo, la pandemia. Con esfuerzo, compromiso y el respaldo de un gran equipo humano, pudimos superar cada desaf\u00edo y continuar avanzando.<br \/>\nEn el \u00e1rea funeraria, hemos incorporado importantes mejoras que nos permiten brindar un servicio moderno, digno y respetuoso:<br \/>\n\u2022 Flota de veh\u00edculos moderna y equipada.<br \/>\n\u2022 Salas velatorias propias en casi todas nuestras sucursales.<br \/>\n\u2022 Atenci\u00f3n las 24 horas de los 365 d\u00edas del a\u00f1o.<br \/>\n\u2022 Servicio de cremaci\u00f3n.<br \/>\n\u2022 Velatorios virtuales para familiares en el exterior.<br \/>\n\u2022 Atenci\u00f3n personalizada sin depender de terceros.<br \/>\nEn el \u00e1rea de salud, trabajamos en conjunto con obras sociales sindicales y cumplimos con las m\u00e1ximas exigencias establecidas por la Superintendencia de Servicios de Salud. Mantenemos firmes nuestros valores fundacionales, adapt\u00e1ndonos constantemente a los cambios y necesidades de nuestros afiliados.\u00bb font_container=\u00bbtag:p|text_align:left|color:rgba(10%2C10%2C10%2C0.6)\u00bb use_theme_fonts=\u00bbyes\u00bb][vc_custom_heading text=\u00bbNUESTRA VISI\u00d3N\u00bb font_container=\u00bbtag:h2|font_size:20|text_align:left|line_height:50px\u00bb use_theme_fonts=\u00bbyes\u00bb][vc_custom_heading text=\u00bbEn Ricardo C. Mora Servicios Sociales creemos firmemente que \u201clo que se promete, se cumple\u201d. Llevamos con orgullo el nombre de nuestro fundador, y eso implica un compromiso con la honestidad, la palabra dada y la atenci\u00f3n personalizada.<br \/>\nNuestro lema, \u201cSiempre responde\u201d, no es solo una frase: es una filosof\u00eda de trabajo. Cada d\u00eda, nuestro equipo se esfuerza en dar respuestas concretas, \u00e1giles y humanas a las necesidades de nuestros afiliados, acompa\u00f1\u00e1ndolos en los momentos m\u00e1s delicados de la vida. Ser la empresa de servicios sociales l\u00edder en Tucum\u00e1n, reconocida por su calidez humana, innovaci\u00f3n y compromiso con la comunidad es nuestra visi\u00f3n.<br \/>\nPor eso, nuestra misi\u00f3n es brindar servicios sociales integrales, humanos y de calidad, acompa\u00f1ando a nuestros afiliados en todos los momentos. Con compromiso, respeto y responsabilidad.\u00bb font_container=\u00bbtag:p|text_align:left|color:rgba(10%2C10%2C10%2C0.6)\u00bb use_theme_fonts=\u00bbyes\u00bb][vc_custom_heading text=\u00bbSEGUIMOS CRECIENDO\u00bb font_container=\u00bbtag:h2|font_size:20|text_align:left|line_height:50px\u00bb use_theme_fonts=\u00bbyes\u00bb][vc_custom_heading text=\u00bbCon m\u00e1s de tres d\u00e9cadas de trayectoria, seguimos avanzando con el mismo esp\u00edritu con el que comenzamos: innovar, responder y estar cerca de quienes m\u00e1s lo necesitan.<br \/>\nRicardo C. Mora Servicios Sociales: tu respaldo en los momentos que m\u00e1s lo requieren.\u00bb font_container=\u00bbtag:p|text_align:left|color:rgba(10%2C10%2C10%2C0.6)\u00bb use_theme_fonts=\u00bbyes\u00bb][\/vc_column_inner][\/vc_row_inner][\/vc_column][\/vc_row][vc_row type=\u00bbfull_width_background\u00bb full_screen_row_position=\u00bbmiddle\u00bb bg_color=\u00bb#ffffff\u00bb scene_position=\u00bbcenter\u00bb text_color=\u00bbdark\u00bb text_align=\u00bbleft\u00bb top_padding=\u00bb5%\u00bb bottom_padding=\u00bb5%\u00bb overlay_strength=\u00bb0.3&#8243; shape_divider_position=\u00bbbottom\u00bb][vc_column column_padding=\u00bbpadding-2-percent\u00bb column_padding_position=\u00bball\u00bb background_color_opacity=\u00bb1&#8243; background_hover_color_opacity=\u00bb1&#8243; column_link_target=\u00bb_self\u00bb column_shadow=\u00bbnone\u00bb column_border_radius=\u00bbnone\u00bb width=\u00bb1\/2&#8243; tablet_width_inherit=\u00bbdefault\u00bb tablet_text_alignment=\u00bbdefault\u00bb phone_text_alignment=\u00bbdefault\u00bb column_border_width=\u00bbnone\u00bb column_border_style=\u00bbsolid\u00bb][split_line_heading]\n<h2 style=\"color: #1e83ec;\">Autorizaciones<\/h2>\n[\/split_line_heading][vc_row_inner column_margin=\u00bbdefault\u00bb top_padding=\u00bb15&#8243; bottom_padding=\u00bb25&#8243; text_align=\u00bbleft\u00bb][vc_column_inner enable_animation=\u00bbtrue\u00bb animation=\u00bbfade-in-from-bottom\u00bb column_padding=\u00bbno-extra-padding\u00bb column_padding_position=\u00bball\u00bb background_color_opacity=\u00bb1&#8243; background_hover_color_opacity=\u00bb1&#8243; column_shadow=\u00bbnone\u00bb column_border_radius=\u00bbnone\u00bb column_link_target=\u00bb_self\u00bb width=\u00bb1\/1&#8243; tablet_width_inherit=\u00bbdefault\u00bb column_border_width=\u00bbnone\u00bb column_border_style=\u00bbsolid\u00bb][vc_column_text]Casi todas las gestiones de Servicio M\u00e9dico se pueden realizar por tel\u00e9fono o correo electr\u00f3nico de Lunes a Viernes de 8 a 20:30 llamando al (0381)4227100 y info@ricardocmora.com[\/vc_column_text][\/vc_column_inner][\/vc_row_inner][vc_row_inner column_margin=\u00bbdefault\u00bb text_align=\u00bbleft\u00bb][vc_column_inner enable_animation=\u00bbtrue\u00bb animation=\u00bbfade-in-from-bottom\u00bb column_padding=\u00bbno-extra-padding\u00bb column_padding_position=\u00bball\u00bb background_color_opacity=\u00bb1&#8243; background_hover_color_opacity=\u00bb1&#8243; column_shadow=\u00bbnone\u00bb column_border_radius=\u00bbnone\u00bb column_link_target=\u00bb_self\u00bb width=\u00bb1\/1&#8243; tablet_width_inherit=\u00bbdefault\u00bb column_border_width=\u00bbnone\u00bb column_border_style=\u00bbsolid\u00bb][split_line_heading]\n<h4 style=\"color: #1e83ec;\">Servicio de informaci\u00f3n general de Servicio M\u00e9dico<\/h4>\n[\/split_line_heading][vc_column_text]Te Informamos sobre cualquier duda que tengas relacionada con altas y bajas, tarjetas, normativa del servicio entre otros.[\/vc_column_text][split_line_heading]\n<h4 style=\"color: #1e83ec;\">Informaci\u00f3n sobre coberturas especiales<\/h4>\n[\/split_line_heading][vc_column_text]Te informamos sobre las condiciones de acceso a determinadas prestaciones especiales y de los profesionales concertados para realizarlas.[\/vc_column_text][split_line_heading]\n<h4 style=\"color: #1e83ec;\">Informaci\u00f3n sobre Campa\u00f1as de Medicina Preventiva<\/h4>\n[\/split_line_heading][vc_column_text]Todos los a\u00f1os Ricardo C Mora organiza campa\u00f1as sobre diversas patolog\u00edas en las que la prevenci\u00f3n es especialmente eficaz, como es el Riesgo Cardiovascular o el C\u00e1ncer de Color.<br \/>\nCuando una campa\u00f1a se pone en marcha, tendr\u00e1s la opci\u00f3n de plantear cualquier duda a trav\u00e9s de un tel\u00e9fono espec\u00edfico para estos casos.[\/vc_column_text][\/vc_column_inner][\/vc_row_inner][\/vc_column][vc_column column_padding=\u00bbpadding-2-percent\u00bb column_padding_position=\u00bball\u00bb background_color_opacity=\u00bb1&#8243; background_hover_color_opacity=\u00bb1&#8243; column_link_target=\u00bb_self\u00bb column_shadow=\u00bbnone\u00bb column_border_radius=\u00bbnone\u00bb width=\u00bb1\/2&#8243; tablet_width_inherit=\u00bbdefault\u00bb tablet_text_alignment=\u00bbdefault\u00bb phone_text_alignment=\u00bbdefault\u00bb column_border_width=\u00bbnone\u00bb column_border_style=\u00bbsolid\u00bb][vc_row_inner column_margin=\u00bbdefault\u00bb top_padding=\u00bb15&#8243; bottom_padding=\u00bb25&#8243; text_align=\u00bbleft\u00bb][vc_column_inner enable_animation=\u00bbtrue\u00bb animation=\u00bbfade-in-from-bottom\u00bb column_padding=\u00bbno-extra-padding\u00bb column_padding_position=\u00bball\u00bb background_color_opacity=\u00bb1&#8243; background_hover_color_opacity=\u00bb1&#8243; column_shadow=\u00bbnone\u00bb column_border_radius=\u00bbnone\u00bb column_link_target=\u00bb_self\u00bb width=\u00bb1\/1&#8243; tablet_width_inherit=\u00bbdefault\u00bb column_border_width=\u00bbnone\u00bb column_border_style=\u00bbsolid\u00bb][split_line_heading]\n<h2 style=\"color: #1e83ec;\">Solicitud de Partidas<\/h2>\n[\/split_line_heading][vc_column_text]Comunic\u00e1ndose al 430 5488 o v\u00eda mail. Podr\u00e1s contar con los siguientes servicios:[\/vc_column_text][\/vc_column_inner][\/vc_row_inner][vc_row_inner column_margin=\u00bbdefault\u00bb top_padding=\u00bb15&#8243; bottom_padding=\u00bb25&#8243; text_align=\u00bbleft\u00bb][vc_column_inner enable_animation=\u00bbtrue\u00bb animation=\u00bbfade-in-from-bottom\u00bb column_padding=\u00bbno-extra-padding\u00bb column_padding_position=\u00bball\u00bb background_color_opacity=\u00bb1&#8243; background_hover_color_opacity=\u00bb1&#8243; column_shadow=\u00bbnone\u00bb column_border_radius=\u00bbnone\u00bb column_link_target=\u00bb_self\u00bb width=\u00bb1\/1&#8243; tablet_width_inherit=\u00bbdefault\u00bb column_border_width=\u00bbnone\u00bb column_border_style=\u00bbsolid\u00bb][split_line_heading]\n<h4 style=\"color: #1e83ec;\">Solicitud de partidas de defunci\u00f3n<\/h4>\n[\/split_line_heading][vc_column_text]Una ves recibida la solicitud, nos pondremos en contacto con vos para avisarte cuando las partidas hayan llegado a nuestra oficinas.[\/vc_column_text][\/vc_column_inner][\/vc_row_inner][vc_row_inner column_margin=\u00bbdefault\u00bb top_padding=\u00bb15&#8243; bottom_padding=\u00bb25&#8243; text_align=\u00bbleft\u00bb][vc_column_inner enable_animation=\u00bbtrue\u00bb animation=\u00bbfade-in-from-bottom\u00bb column_padding=\u00bbno-extra-padding\u00bb column_padding_position=\u00bball\u00bb background_color_opacity=\u00bb1&#8243; background_hover_color_opacity=\u00bb1&#8243; column_shadow=\u00bbnone\u00bb column_border_radius=\u00bbnone\u00bb column_link_target=\u00bb_self\u00bb width=\u00bb1\/1&#8243; tablet_width_inherit=\u00bbdefault\u00bb column_border_width=\u00bbnone\u00bb column_border_style=\u00bbsolid\u00bb][split_line_heading]\n<h4 style=\"color: #1e83ec;\">Tramitaci\u00f3n de ANSES<\/h4>\n[\/split_line_heading][vc_column_text]Asesoramiento sobre tramitaci\u00f3n de subsidios ante ANSES y\/o Cajas de subsidios para realizar la gesti\u00f3n de distintos Tr\u00e1mites.[\/vc_column_text][\/vc_column_inner][\/vc_row_inner][vc_row_inner column_margin=\u00bbdefault\u00bb top_padding=\u00bb15&#8243; bottom_padding=\u00bb25&#8243; text_align=\u00bbleft\u00bb][vc_column_inner enable_animation=\u00bbtrue\u00bb animation=\u00bbfade-in-from-bottom\u00bb column_padding=\u00bbno-extra-padding\u00bb column_padding_position=\u00bball\u00bb background_color_opacity=\u00bb1&#8243; background_hover_color_opacity=\u00bb1&#8243; column_shadow=\u00bbnone\u00bb column_border_radius=\u00bbnone\u00bb column_link_target=\u00bb_self\u00bb width=\u00bb1\/1&#8243; tablet_width_inherit=\u00bbdefault\u00bb column_border_width=\u00bbnone\u00bb column_border_style=\u00bbsolid\u00bb][split_line_heading]\n<h4 style=\"color: #1e83ec;\">Justificaci\u00f3n para trabajo<\/h4>\n[\/split_line_heading][vc_column_text]Justificativo para presentar en el trabajo, de que falleci\u00f3 un familiar y demuestra ausencia de su lugar de trabajo o estudios.[\/vc_column_text][\/vc_column_inner][\/vc_row_inner][\/vc_column][\/vc_row]\n","protected":false},"excerpt":{"rendered":"<p>[vc_row type=\u00bbfull_width_content\u00bb full_screen_row_position=\u00bbmiddle\u00bb equal_height=\u00bbyes\u00bb content_placement=\u00bbmiddle\u00bb bg_color=\u00bb#ffffff\u00bb scene_position=\u00bbcenter\u00bb text_color=\u00bbdark\u00bb text_align=\u00bbleft\u00bb overlay_strength=\u00bb0.3&#8243; shape_divider_position=\u00bbbottom\u00bb][vc_column column_padding=\u00bbpadding-10-percent\u00bb column_padding_position=\u00bball\u00bb background_color=\u00bb#f4f4f4&#8243; background_color_opacity=\u00bb1&#8243; background_hover_color_opacity=\u00bb1&#8243; column_link_target=\u00bb_self\u00bb column_shadow=\u00bbnone\u00bb column_border_radius=\u00bbnone\u00bb width=\u00bb1\/2&#8243; tablet_width_inherit=\u00bbdefault\u00bb tablet_text_alignment=\u00bbdefault\u00bb phone_text_alignment=\u00bbdefault\u00bb column_border_width=\u00bbnone\u00bb column_border_style=\u00bbsolid\u00bb][vc_row_inner column_margin=\u00bbdefault\u00bb text_align=\u00bbleft\u00bb][vc_column_inner enable_animation=\u00bbtrue\u00bb animation=\u00bbfade-in-from-bottom\u00bb column_padding=\u00bbno-extra-padding\u00bb&#8230;<\/p>\n","protected":false},"author":4,"featured_media":0,"parent":0,"menu_order":0,"comment_status":"closed","ping_status":"closed","template":"","meta":{"footnotes":""},"class_list":["post-96","page","type-page","status-publish"],"_links":{"self":[{"href":"http:\/\/www.ricardocmora.com\/funebres\/wp-json\/wp\/v2\/pages\/96","targetHints":{"allow":["GET"]}}],"collection":[{"href":"http:\/\/www.ricardocmora.com\/funebres\/wp-json\/wp\/v2\/pages"}],"about":[{"href":"http:\/\/www.ricardocmora.com\/funebres\/wp-json\/wp\/v2\/types\/page"}],"author":[{"embeddable":true,"href":"http:\/\/www.ricardocmora.com\/funebres\/wp-json\/wp\/v2\/users\/4"}],"replies":[{"embeddable":true,"href":"http:\/\/www.ricardocmora.com\/funebres\/wp-json\/wp\/v2\/comments?post=96"}],"version-history":[{"count":25,"href":"http:\/\/www.ricardocmora.com\/funebres\/wp-json\/wp\/v2\/pages\/96\/revisions"}],"predecessor-version":[{"id":557,"href":"http:\/\/www.ricardocmora.com\/funebres\/wp-json\/wp\/v2\/pages\/96\/revisions\/557"}],"wp:attachment":[{"href":"http:\/\/www.ricardocmora.com\/funebres\/wp-json\/wp\/v2\/media?parent=96"}],"curies":[{"name":"wp","href":"https:\/\/api.w.org\/{rel}","templated":true}]}}